{"id":3025,"date":"2018-12-15T18:32:19","date_gmt":"2018-12-15T17:32:19","guid":{"rendered":"https:\/\/lindaotterstedt-com.lyricalstaging.com\/vanliga-ord\/"},"modified":"2026-05-13T14:22:57","modified_gmt":"2026-05-13T12:22:57","slug":"vanliga-ord","status":"publish","type":"page","link":"https:\/\/lindaotterstedt.com\/sv\/vanliga-ord\/","title":{"rendered":"V\u00e4nliga ord"},"content":{"rendered":"<p>[et_pb_section fb_built=&#8221;1&#8243; custom_padding_last_edited=&#8221;on|phone&#8221; _builder_version=&#8221;4.16&#8243; background_image=&#8221;https:\/\/lindaotterstedt.com\/wp-content\/uploads\/2022\/01\/Fine-Art-Linda-Otterstedt-40x50cm-scaled.jpg&#8221; custom_margin=&#8221;|25px|30px|25px||true&#8221; custom_padding=&#8221;240px|0px|240px|0px|true|false&#8221; custom_padding_tablet=&#8221;93px||93px||true&#8221; custom_padding_phone=&#8221;38px||38px||true&#8221; global_colors_info=&#8221;{}&#8221;][et_pb_row _builder_version=&#8221;4.16&#8243; custom_padding=&#8221;40px|0px|40px|0px|true|false&#8221; global_colors_info=&#8221;{}&#8221;][et_pb_column type=&#8221;4_4&#8243; _builder_version=&#8221;4.16&#8243; custom_padding=&#8221;|||&#8221; global_colors_info=&#8221;{}&#8221; custom_padding__hover=&#8221;|||&#8221;][et_pb_text _builder_version=&#8221;4.16&#8243; header_font=&#8221;||||||||&#8221; header_2_font=&#8221;Questrial||||||||&#8221; header_2_text_align=&#8221;center&#8221; header_2_text_color=&#8221;#ffffff&#8221; header_2_font_size=&#8221;18px&#8221; header_2_letter_spacing=&#8221;3px&#8221; custom_margin=&#8221;||10px&#8221; global_colors_info=&#8221;{}&#8221;]<\/p>\n<h2>Om du inte kan best\u00e4mma dig:<\/h2>\n<p>[\/et_pb_text][et_pb_text _builder_version=&#8221;4.16&#8243; header_font=&#8221;||||||||&#8221; header_text_align=&#8221;center&#8221; header_text_color=&#8221;#ffffff&#8221; header_font_size=&#8221;35px&#8221; header_letter_spacing=&#8221;1px&#8221; global_colors_info=&#8221;{}&#8221;]<\/p>\n<h1>L\u00c4S MINA RECENSIONER<\/h1>\n<p>[\/et_pb_text][\/et_pb_column][\/et_pb_row][\/et_pb_section][et_pb_section fb_built=&#8221;1&#8243; _builder_version=&#8221;4.16&#8243; background_color=&#8221;#f7f5f2&#8243; custom_margin=&#8221;|25px||25px||true&#8221; custom_padding=&#8221;92px|0px|70px|0px|false|false&#8221; global_colors_info=&#8221;{}&#8221;][et_pb_row _builder_version=&#8221;4.16&#8243; custom_padding=&#8221;1px|0px|0|0px|false|false&#8221; global_colors_info=&#8221;{}&#8221;][et_pb_column type=&#8221;4_4&#8243; _builder_version=&#8221;4.16&#8243; custom_padding=&#8221;|||&#8221; global_colors_info=&#8221;{}&#8221; custom_padding__hover=&#8221;|||&#8221;][et_pb_text _builder_version=&#8221;4.16&#8243; header_font=&#8221;||||||||&#8221; header_3_font=&#8221;Questrial||||||||&#8221; header_3_text_align=&#8221;center&#8221; header_3_text_color=&#8221;#808080&#8243; header_3_font_size=&#8221;15px&#8221; header_3_letter_spacing=&#8221;3px&#8221; global_colors_info=&#8221;{}&#8221;]<\/p>\n<h3>ALLT VI DR\u00d6MT OM<\/h3>\n<p>[\/et_pb_text][et_pb_text _builder_version=&#8221;4.16&#8243; header_font=&#8221;||||||||&#8221; header_2_font=&#8221;||||||||&#8221; header_2_text_align=&#8221;center&#8221; header_2_text_color=&#8221;#c6bfa8&#8243; header_2_line_height=&#8221;1.9em&#8221; max_width=&#8221;57%&#8221; max_width_tablet=&#8221;&#8221; max_width_phone=&#8221;&#8221; max_width_last_edited=&#8221;on|desktop&#8221; module_alignment=&#8221;center&#8221; custom_padding=&#8221;||30px&#8221; global_colors_info=&#8221;{}&#8221;]<\/p>\n<h2>DESSA BILDER BETYDER S\u00c5 MYCKET F\u00d6R OSS. VI \u00c4R K\u00c4RA.<\/h2>\n<p>[\/et_pb_text][\/et_pb_column][\/et_pb_row][\/et_pb_section][et_pb_section fb_built=&#8221;1&#8243; custom_padding_last_edited=&#8221;on|tablet&#8221; admin_label=&#8221;section&#8221; _builder_version=&#8221;4.16&#8243; custom_padding=&#8221;61px|0px|0|0px|false|false&#8221; custom_padding_tablet=&#8221;||70px|&#8221; custom_padding_phone=&#8221;&#8221; global_colors_info=&#8221;{}&#8221;][et_pb_row column_structure=&#8221;1_3,1_3,1_3&#8243; custom_padding_last_edited=&#8221;on|phone&#8221; admin_label=&#8221;rad&#8221; _builder_version=&#8221;4.16&#8243; background_size=&#8221;initial&#8221; background_position=&#8221;top_left&#8221; background_repeat=&#8221;repeat&#8221; custom_padding=&#8221;38px|0px|24px|0px|false|false&#8221; custom_padding_tablet=&#8221;0px||0px|&#8221; custom_padding_phone=&#8221;&#8221; animation_style=&#8221;slide&#8221; animation_direction=&#8221;bottom&#8221; animation_duration=&#8221;600ms&#8221; animation_intensity_slide=&#8221;3%&#8221; hover_enabled=&#8221;0&#8243; border_color_top=&#8221;#e6e6e6&#8243; global_colors_info=&#8221;{}&#8221; sticky_enabled=&#8221;0&#8243;][et_pb_column type=&#8221;1_3&#8243; _builder_version=&#8221;4.16&#8243; custom_padding=&#8221;|||&#8221; global_colors_info=&#8221;{}&#8221; custom_padding__hover=&#8221;|||&#8221;][et_pb_image src=&#8221;https:\/\/lindaotterstedt.com\/wp-content\/uploads\/2026\/04\/Portratt_Linda-Otterstedt-Photography-0414-scaled.jpg&#8221; alt=&#8221;Br\u00f6llop p\u00e5 v\u00e4stkusten&#8221; title_text=&#8221;Portr\u00e4tt_Linda Otterstedt Photography-0414&#8243; align=&#8221;center&#8221; align_tablet=&#8221;center&#8221; align_phone=&#8221;&#8221; align_last_edited=&#8221;on|desktop&#8221; _builder_version=&#8221;4.27.6&#8243; animation_direction=&#8221;left&#8221; hover_enabled=&#8221;0&#8243; global_colors_info=&#8221;{}&#8221; sticky_enabled=&#8221;0&#8243;][\/et_pb_image][et_pb_blurb title=&#8221;OTROLIGT N\u00d6JDA&#8221; use_icon=&#8221;on&#8221; font_icon=&#8221;&#x7b;||divi||400&#8243; image_icon_width=&#8221;40px&#8221; _builder_version=&#8221;4.27.6&#8243; header_font=&#8221;||||||||&#8221; header_text_align=&#8221;center&#8221; header_font_size=&#8221;27px&#8221; body_font=&#8221;||||||||&#8221; body_letter_spacing=&#8221;1px&#8221; body_line_height=&#8221;1.8em&#8221; hover_enabled=&#8221;0&#8243; body_letter_spacing_tablet=&#8221;&#8221; body_letter_spacing_phone=&#8221;0px&#8221; body_letter_spacing_last_edited=&#8221;on|phone&#8221; custom_css_blurb_title=&#8221;padding-bottom: 30px;&#8221; icon_font_size=&#8221;40px&#8221; global_colors_info=&#8221;{}&#8221; sticky_enabled=&#8221;0&#8243;]<\/p>\n<p>Vi \u00e4r s\u00e5 otroligt n\u00f6jda med v\u00e5r br\u00f6llopsfotograf Linda! \ud83c\udf38 Hon var fantastisk genom hela processen \u2013 b\u00e5de lyh\u00f6rd, flexibel och full av v\u00e4rme. Under hela dagen fick hon oss att k\u00e4nna oss bekv\u00e4ma och avslappnade, och resultatet blev helt magiskt. V\u00e5ra bilder och videor \u00e4r mer \u00e4n vi n\u00e5gonsin kunnat dr\u00f6mma om \u2013 de f\u00e5ngar verkligen k\u00e4nslan och gl\u00e4djen fr\u00e5n v\u00e5rt br\u00f6llop. Vi kan varmt rekommendera Linda till alla som vill ha en professionell, kreativ och genuint h\u00e4rlig fotograf! \ud83d\udc8d\u2728 \/Gentiana &amp; Gustav     <\/p>\n<p>Stockholm<\/p>\n<p>[\/et_pb_blurb][et_pb_image src=&#8221;https:\/\/lindaotterstedt.com\/wp-content\/uploads\/2024\/12\/240810-Solnedgangsbilder-6100-scaled.jpg&#8221; alt=&#8221;Br\u00f6llop p\u00e5 v\u00e4stkusten&#8221; title_text=&#8221;240810 Solnedg\u00e5ngsbilder-6100&#8243; align=&#8221;center&#8221; align_tablet=&#8221;center&#8221; align_phone=&#8221;&#8221; align_last_edited=&#8221;on|desktop&#8221; _builder_version=&#8221;4.27.4&#8243; animation_direction=&#8221;left&#8221; global_colors_info=&#8221;{}&#8221;][\/et_pb_image][et_pb_blurb title=&#8221;VARM, V\u00c4NLIG OCH PROFESSIONELL&#8221; use_icon=&#8221;on&#8221; font_icon=&#8221;&#x7b;||divi||400&#8243; image_icon_width=&#8221;40px&#8221; _builder_version=&#8221;4.27.4&#8243; header_font=&#8221;||||||||&#8221; header_text_align=&#8221;center&#8221; header_font_size=&#8221;27px&#8221; body_font=&#8221;||||||||&#8221; body_letter_spacing=&#8221;1px&#8221; body_line_height=&#8221;1.8em&#8221; body_letter_spacing_tablet=&#8221;&#8221; body_letter_spacing_phone=&#8221;0px&#8221; body_letter_spacing_last_edited=&#8221;on|phone&#8221; custom_css_blurb_title=&#8221;padding-bottom: 30px;&#8221; icon_font_size=&#8221;40px&#8221; global_colors_info=&#8221;{}&#8221;]<\/p>\n<p>Vi kunde inte vara mer n\u00f6jda med Linda som v\u00e5r br\u00f6llopsfotograf. Linda \u00e4r varm, v\u00e4nlig, tillm\u00f6tesg\u00e5ende och professionell. Varken jag eller min man \u00e4r s\u00e4rskilt bekv\u00e4ma framf\u00f6r kameran i vanliga fall, s\u00e5 det var sk\u00f6nt att f\u00e5 g\u00f6ra en provfotografering n\u00e5gra veckor innan den stora dagen.<br \/>Linda lyssnade verkligen p\u00e5 v\u00e5ra \u00f6nskem\u00e5l och har f\u00e5ngat alla festligheter och br\u00f6llopet p\u00e5 ett fantastiskt s\u00e4tt, precis s\u00e5 livligt och glatt som vi \u00f6nskade. Att Linda dessutom har en stark anknytning till platsen och k\u00e4nner till de b\u00e4sta fotoplatserna var f\u00f6rst\u00e5s ocks\u00e5 en stor f\u00f6rdel. Vi kunde helt enkelt inte ha f\u00e5tt en b\u00e4ttre br\u00f6llopsfotograf. Tack Linda!!! \/Alice och Marcus Barnevik     <\/p>\n<p>Fj\u00e4llbacka<\/p>\n<p>[\/et_pb_blurb][et_pb_image src=&#8221;https:\/\/lindaotterstedt.com\/wp-content\/uploads\/2022\/10\/220820-JM-Portratt-LU-3222.jpg&#8221; alt=&#8221;blivande brudpar vid sj\u00f6n&#8221; title_text=&#8221;220820-JM-Portratt-LU-3222&#8243; align=&#8221;center&#8221; align_tablet=&#8221;center&#8221; align_phone=&#8221;&#8221; align_last_edited=&#8221;on|desktop&#8221; _builder_version=&#8221;4.19.3&#8243; animation_direction=&#8221;left&#8221; global_colors_info=&#8221;{}&#8221;][\/et_pb_image][et_pb_blurb title=&#8221;OV\u00c4RDERLIGT&#8221; use_icon=&#8221;on&#8221; font_icon=&#8221;&#x7b;||divi||400&#8243; image_icon_width=&#8221;40px&#8221; _builder_version=&#8221;4.19.3&#8243; header_font=&#8221;||||||||&#8221; header_text_align=&#8221;center&#8221; header_font_size=&#8221;27px&#8221; body_font=&#8221;||||||||&#8221; body_letter_spacing=&#8221;1px&#8221; body_line_height=&#8221;1.8em&#8221; body_letter_spacing_tablet=&#8221;&#8221; body_letter_spacing_phone=&#8221;0px&#8221; body_letter_spacing_last_edited=&#8221;on|phone&#8221; custom_css_blurb_title=&#8221;padding-bottom: 30px;&#8221; icon_font_size=&#8221;40px&#8221; global_colors_info=&#8221;{}&#8221;]<\/p>\n<p><span>TACK LINDA F\u00d6R ATT DU MED VAN HAND GUIDADE OSS GENOM V\u00c5R STORA DAG.<\/span><\/p>\n<p><span>DU<\/span> F\u00d6RSTOR FR\u00c5N START HUR VI VILLE HA DET OCH ATT IDAG SE TILLBAKA P\u00c5 BILDERNA GER OSS S\u00c5DAN ENORM <span class=\"Y2IQFc\" lang=\"en\">GL\u00c4DJE<\/span>.<\/p>\n<p><span class=\"Y2IQFc\" lang=\"en\">DESSUTOM F\u00d6RSTKLASSIG SERVICE KRING ALLT FR\u00c5N BOLLNING AV IDEER TILL TIPS OCH TRICKS ATT HA MED SIG UNDER DAGEN.<br \/><\/span><\/p>\n<p><span class=\"Y2IQFc\" lang=\"en\">&#8211; Jennifer &amp; Mattias &#8211; Fj\u00e4llbacka<\/span><\/p>\n<p>[\/et_pb_blurb][et_pb_image src=&#8221;https:\/\/lindaotterstedt.com\/wp-content\/uploads\/2022\/01\/michelle_nat_lr_1298.jpg&#8221; alt=&#8221;blivande brudpar vid sj\u00f6n&#8221; title_text=&#8221;br\u00f6llopsfotograf&#8221; align=&#8221;center&#8221; align_tablet=&#8221;center&#8221; align_phone=&#8221;&#8221; align_last_edited=&#8221;on|desktop&#8221; _builder_version=&#8221;4.16&#8243; animation_direction=&#8221;left&#8221; global_colors_info=&#8221;{}&#8221;][\/et_pb_image][et_pb_blurb title=&#8221;VI \u00c4R M\u00c5LL\u00d6SA&#8221; use_icon=&#8221;on&#8221; font_icon=&#8221;&#x7b;||divi||400&#8243; image_icon_width=&#8221;40px&#8221; _builder_version=&#8221;4.27.4&#8243; header_font=&#8221;||||||||&#8221; header_text_align=&#8221;center&#8221; header_font_size=&#8221;27px&#8221; body_font=&#8221;||||||||&#8221; body_letter_spacing=&#8221;1px&#8221; body_line_height=&#8221;1.8em&#8221; body_letter_spacing_tablet=&#8221;&#8221; body_letter_spacing_phone=&#8221;0px&#8221; body_letter_spacing_last_edited=&#8221;on|phone&#8221; custom_css_blurb_title=&#8221;padding-bottom: 30px;&#8221; icon_font_size=&#8221;40px&#8221; global_colors_info=&#8221;{}&#8221;]<\/p>\n<p><span>WOW!<\/span><\/p>\n<p><span>VERKLIGEN, RIKTIGT FANTASTISKA BILDER, VAR OCH EN \u00c4R ETT KONSTVERK!<\/span><br \/><span>F\u00d6RFEST &amp; BR\u00d6LLOP I LAUSANNE OCH GENEVA.  <\/span><\/p>\n<p><span>&#8211; Michelle <\/span><\/p>\n<p>[\/et_pb_blurb][et_pb_image src=&#8221;https:\/\/lindaotterstedt.com\/wp-content\/uploads\/2022\/01\/familjefotografering_2019_LOP-5765-scaled.jpg&#8221; alt=&#8221;blivande brudpar vid sj\u00f6n&#8221; title_text=&#8221;familjefotografering_2019_LOP-5765&#8243; align=&#8221;center&#8221; align_tablet=&#8221;center&#8221; align_phone=&#8221;&#8221; align_last_edited=&#8221;on|desktop&#8221; _builder_version=&#8221;4.18.0&#8243; animation_direction=&#8221;left&#8221; global_colors_info=&#8221;{}&#8221;][\/et_pb_image][et_pb_blurb title=&#8221;ETT MINNE F\u00d6R LIVET&#8221; use_icon=&#8221;on&#8221; font_icon=&#8221;&#x7b;||divi||400&#8243; image_icon_width=&#8221;40px&#8221; _builder_version=&#8221;4.18.0&#8243; header_font=&#8221;||||||||&#8221; header_text_align=&#8221;center&#8221; header_font_size=&#8221;27px&#8221; body_font=&#8221;||||||||&#8221; body_letter_spacing=&#8221;1px&#8221; body_line_height=&#8221;1.8em&#8221; body_letter_spacing_tablet=&#8221;&#8221; body_letter_spacing_phone=&#8221;0px&#8221; body_letter_spacing_last_edited=&#8221;on|phone&#8221; custom_css_blurb_title=&#8221;padding-bottom: 30px;&#8221; icon_font_size=&#8221;40px&#8221; global_colors_info=&#8221;{}&#8221;]<\/p>\n<p><span>THREE YEARS AGO WHEN OUR SECOND<br \/>\nCHILD WAS BORN, LINDA<br \/>\nACCOMPANIED US TO OUR FAVORITE<br \/>\nPLACE AND PHOTOGRAPHED<br \/>\nTHE FAMILY. <\/span><\/p>\n<p>N\u00c4R VI TITTAR P\u00c5 DEN<br \/>\nBILDER IDAG, VI \u00c4R FYLLDA<br \/>\nMED GL\u00c4DJE OCH TACKSAMHET. SUCH<br \/>\nLUCK THAT WE ASKED LINDA TO<br \/>\nIMMORTALIZE THIS MOMENT IN<br \/>\nOUR LIVES. <\/span><br \/><span><br \/>\nWE HAVE FRAMED SOME OF THE<br \/>\nPICTURES AND ALSO MADE PHOTO<br \/>\nALBUMS FOR THE CHILDREN.<br \/>\n<\/span><\/p>\n<p><span><br \/>\n&#8211; Charlotte &amp; Calle Ohlsson<\/span><\/pre>\n<p>[\/et_pb_blurb][\/et_pb_column][et_pb_column type=&#8221;1_3&#8243; module_class=&#8221;item-order&#8221; _builder_version=&#8221;4.16&#8243; custom_padding=&#8221;|||&#8221; custom_padding_tablet=&#8221;|||&#8221; custom_padding_phone=&#8221;||0px|&#8221; custom_padding_last_edited=&#8221;on|desktop&#8221; global_colors_info=&#8221;{}&#8221; custom_padding__hover=&#8221;|||&#8221;][et_pb_image src=&#8221;https:\/\/lindaotterstedt.com\/wp-content\/uploads\/2023\/01\/LR-brollopsfotograf-weddingphotographer-kalmarbrollop-fjallbackabrollop.jpg&#8221; alt=&#8221;mamma h\u00e5ller sitt barn&#8221; title_text=&#8221;LR-br\u00f6llopsfotograf-weddingphotographer-kalmarbr\u00f6llop-fj\u00e4llbackabr\u00f6llop&#8221; align=&#8221;center&#8221; align_tablet=&#8221;center&#8221; align_phone=&#8221;&#8221; align_last_edited=&#8221;on|desktop&#8221; _builder_version=&#8221;4.19.3&#8243; animation_direction=&#8221;left&#8221; global_colors_info=&#8221;{}&#8221;][\/et_pb_image][et_pb_blurb title=&#8221;FYLLD AV K\u00c4RLEK&#8221; use_icon=&#8221;on&#8221; font_icon=&#8221;&#x7b;||divi||400&#8243; image_icon_width=&#8221;40px&#8221; _builder_version=&#8221;4.27.4&#8243; header_font=&#8221;||||||||&#8221; header_text_align=&#8221;center&#8221; header_font_size=&#8221;27px&#8221; body_font=&#8221;||||||||&#8221; body_letter_spacing=&#8221;1px&#8221; body_line_height=&#8221;1.8em&#8221; custom_padding_tablet=&#8221;||50px|&#8221; custom_padding_phone=&#8221;&#8221; custom_padding_last_edited=&#8221;on|tablet&#8221; body_letter_spacing_tablet=&#8221;&#8221; body_letter_spacing_phone=&#8221;0px&#8221; body_letter_spacing_last_edited=&#8221;on|phone&#8221; custom_css_blurb_title=&#8221;padding-bottom: 30px;&#8221; icon_font_size=&#8221;40px&#8221; locked=&#8221;off&#8221; global_colors_info=&#8221;{}&#8221;]<\/p>\n<p>VI K\u00c4NNER OSS S\u00c5 FYLLDA AV K\u00c4RLEK OCH V\u00c4RME N\u00c4R VI TITTAR P\u00c5 BILDERNA FR\u00c5N V\u00c5R BR\u00d6LLOPSDAG, OCH VI \u00c4R S\u00c5 GLADA ATT VI VALDE LINDA F\u00d6R ATT F\u00c5NGA V\u00c5R STORA DAG.<\/p>\n<p>VI KUNDE INTE HA VALT EN B\u00c4TTRE FOTOGRAF.<\/p>\n<p>&#8211; Emma &amp; Emil &#8211; Kalmar<\/p>\n<p>[\/et_pb_blurb][et_pb_image src=&#8221;https:\/\/lindaotterstedt.com\/wp-content\/uploads\/2019\/01\/wedding-switzerland-fjallbacka-marriage-geneva-brollop-lindaotterstedt-0531.jpg&#8221; alt=&#8221;mamma h\u00e5ller sitt barn&#8221; title_text=&#8221;br\u00f6llop-schweiz-fjallbacka-\u00e4ktenskap-geneva-brollop-lindaotterstedt-0531&#8243; align=&#8221;center&#8221; align_tablet=&#8221;center&#8221; align_phone=&#8221;&#8221; align_last_edited=&#8221;on|desktop&#8221; _builder_version=&#8221;4.18.0&#8243; animation_direction=&#8221;left&#8221; global_colors_info=&#8221;{}&#8221;][\/et_pb_image][et_pb_blurb title=&#8221;FANTASTISK SERVICE&#8221; use_icon=&#8221;on&#8221; font_icon=&#8221;&#x7b;||divi||400&#8243; image_icon_width=&#8221;40px&#8221; _builder_version=&#8221;4.19.3&#8243; header_font=&#8221;||||||||&#8221; header_text_align=&#8221;center&#8221; header_font_size=&#8221;27px&#8221; body_font=&#8221;||||||||&#8221; body_letter_spacing=&#8221;1px&#8221; body_line_height=&#8221;1.8em&#8221; custom_padding_tablet=&#8221;||50px|&#8221; custom_padding_phone=&#8221;&#8221; custom_padding_last_edited=&#8221;on|tablet&#8221; body_letter_spacing_tablet=&#8221;&#8221; body_letter_spacing_phone=&#8221;0px&#8221; body_letter_spacing_last_edited=&#8221;on|phone&#8221; custom_css_blurb_title=&#8221;padding-bottom: 30px;&#8221; icon_font_size=&#8221;40px&#8221; locked=&#8221;off&#8221; global_colors_info=&#8221;{}&#8221;]<\/p>\n<p><span>LINDA HAR VARIT FANTASTISK!<\/span><\/p>\n<p><span>S\u00c5 PROFESSIONELL SEDAN F\u00d6RSTA KONTAKTEN OCH HON HAR F\u00c5TT OSS ATT K\u00c4NNA OSS TRYGGA UNDER HELA PROCESSEN.<\/span><br \/><span>HON HAR HJ\u00c4LPT OSS MED V\u00c5R BR\u00d6LLOPSFOTOGRAFERING OCH BILDERNA OCH HENNES ENGAGEMANG \u00c4R UT\u00d6VER DET VANLIGA. VI \u00c4R S\u00c5 GLADA OCH SKULLE REKOMMENDERA LINDA TILL B\u00c5DE V\u00c4NNER OCH FAMILJ.<\/span><\/p>\n<p><span>&#8211; Malin &amp; Jonas &#8211; Fj\u00e4llbacka<\/span><\/p>\n<p>[\/et_pb_blurb][et_pb_image src=&#8221;https:\/\/lindaotterstedt.com\/wp-content\/uploads\/2018\/11\/childrenphotographer-fineart-lausanne-geneva-switzerland-23.jpg&#8221; alt=&#8221;barn leker vid sj\u00f6n&#8221; title_text=&#8221;barnfotograf-finkonst-lausanne-geneve-schweiz-23&#8243; align=&#8221;center&#8221; align_tablet=&#8221;center&#8221; align_phone=&#8221;&#8221; align_last_edited=&#8221;on|desktop&#8221; _builder_version=&#8221;4.16&#8243; animation_direction=&#8221;left&#8221; global_colors_info=&#8221;{}&#8221;][\/et_pb_image][et_pb_blurb title=&#8221;TYSTNAD&#8221; use_icon=&#8221;on&#8221; font_icon=&#8221;&#x7b;||divi||400&#8243; image_icon_width=&#8221;40px&#8221; _builder_version=&#8221;4.16&#8243; header_font=&#8221;||||||||&#8221; header_text_align=&#8221;center&#8221; header_font_size=&#8221;27px&#8221; body_font=&#8221;||||||||&#8221; body_letter_spacing=&#8221;1px&#8221; body_line_height=&#8221;1.8em&#8221; custom_padding_tablet=&#8221;||50px|&#8221; custom_padding_phone=&#8221;&#8221; custom_padding_last_edited=&#8221;on|tablet&#8221; body_letter_spacing_tablet=&#8221;&#8221; body_letter_spacing_phone=&#8221;0px&#8221; body_letter_spacing_last_edited=&#8221;on|phone&#8221; custom_css_blurb_title=&#8221;padding-bottom: 30px;&#8221; icon_font_size=&#8221;40px&#8221; locked=&#8221;off&#8221; global_colors_info=&#8221;{}&#8221;]<span>OM DU KAN F\u00d6REST\u00c4LLA DIG MIG HELT TYST<\/span><br \/>\n<span>DET \u00c4R F\u00d6R ATT JAG \u00c4R ABSOLUT M\u00c5LL\u00d6S!!!!&nbsp;<\/span><\/p>\n<p><span>DE H\u00c4R BILDERNA \u00c4R JU B\u00c4TTRE \u00c4N EN DR\u00d6M! JAG \u00c4LSKAR DEM ALLA S\u00c5 MYCKET OCH KOMMER ATT V\u00c4RDERA DEM OTROLIGT MYCKET DE KOMMANDEN \u00c5R N\u00c4R JAG SER TILLBAKA P\u00c5 V\u00c5RA F\u00d6RSTA M\u00c5NADER H\u00c4R I SCHWEIZ. TACK FR\u00c5N MITT HJ\u00c4RTA.<\/span><\/p>\n<p><span>DU F\u00c5NGADE MINA FLICKOR OCH DERAS PERSONLIGHETER! S\u00c5 SOM SOLLJUSET REFLEKTERADES I DERAS H\u00c5R S\u00c5G DET UT SOM OM DE VAR SM\u00c5 \u00c4NGLAR I HIMLEN.&nbsp;<\/span><\/p>\n<p><span>&#8211; Barbara med familj<\/span><\/p>\n<p>&nbsp;[\/et_pb_blurb][et_pb_image src=&#8221;https:\/\/lindaotterstedt.com\/wp-content\/uploads\/2024\/12\/Gruppbilder_-2_BW_LU.jpg&#8221; alt=&#8221;F\u00f6retagsfotografering Danderyd&#8221; title_text=&#8221;Gruppbilder_-2_BW_LU&#8221; align=&#8221;center&#8221; align_tablet=&#8221;center&#8221; align_phone=&#8221;&#8221; align_last_edited=&#8221;on|desktop&#8221; _builder_version=&#8221;4.27.4&#8243; animation_direction=&#8221;left&#8221; global_colors_info=&#8221;{}&#8221;][\/et_pb_image][et_pb_blurb title=&#8221;VI \u00c4R MYCKET N\u00d6JDA&#8221; use_icon=&#8221;on&#8221; font_icon=&#8221;&#x7b;||divi||400&#8243; image_icon_width=&#8221;40px&#8221; _builder_version=&#8221;4.27.4&#8243; header_font=&#8221;||||||||&#8221; header_text_align=&#8221;center&#8221; header_font_size=&#8221;27px&#8221; body_font=&#8221;||||||||&#8221; body_letter_spacing=&#8221;1px&#8221; body_line_height=&#8221;1.8em&#8221; custom_padding_tablet=&#8221;||50px|&#8221; custom_padding_phone=&#8221;&#8221; custom_padding_last_edited=&#8221;on|tablet&#8221; body_letter_spacing_tablet=&#8221;&#8221; body_letter_spacing_phone=&#8221;0px&#8221; body_letter_spacing_last_edited=&#8221;on|phone&#8221; custom_css_blurb_title=&#8221;padding-bottom: 30px;&#8221; icon_font_size=&#8221;40px&#8221; locked=&#8221;off&#8221; global_colors_info=&#8221;{}&#8221;]<\/p>\n<p>Vi anv\u00e4nde oss av Linda f\u00f6r b\u00e5de grupp- och personportr\u00e4tt till v\u00e5rt bolags hemsida. Vi \u00e4r v\u00e4ldigt n\u00f6jda b\u00e5de med processen i form av kommunikationen, f\u00f6rslagen och id\u00e9erna fr\u00e5n Linda,, snabbheten i \u00e5terkoppling och givetvis inte minst resultatet i form av bilderna. Vi kan verkligen rekommendera Linda f\u00f6r den eller de som beh\u00f6ver professionella bilder f\u00f6r att presentera sig och sitt bolag. <\/p>\n<p>&#8211; BeeyondX<\/p>\n<p>&nbsp;<\/p>\n<p>[\/et_pb_blurb][\/et_pb_column][et_pb_column type=&#8221;1_3&#8243; _builder_version=&#8221;4.16&#8243; custom_padding=&#8221;|||&#8221; global_colors_info=&#8221;{}&#8221; custom_padding__hover=&#8221;|||&#8221;][et_pb_image src=&#8221;https:\/\/lindaotterstedt.com\/wp-content\/uploads\/2022\/01\/Claudia_LindaOtterstedtPhotography-8984-scaled.jpg&#8221; alt=&#8221;mamma h\u00e5ller sitt barn&#8221; title_text=&#8221;babyfotograf&#8221; align=&#8221;center&#8221; align_tablet=&#8221;center&#8221; align_phone=&#8221;&#8221; align_last_edited=&#8221;on|desktop&#8221; _builder_version=&#8221;4.18.0&#8243; animation_direction=&#8221;left&#8221; locked=&#8221;off&#8221; global_colors_info=&#8221;{}&#8221;][\/et_pb_image][et_pb_blurb title=&#8221;TUSEN TACK IGEN!&#8221; use_icon=&#8221;on&#8221; font_icon=&#8221;&#x7b;||divi||400&#8243; image_icon_width=&#8221;40px&#8221; _builder_version=&#8221;4.16&#8243; header_font=&#8221;||||||||&#8221; header_text_align=&#8221;center&#8221; header_font_size=&#8221;27px&#8221; body_font=&#8221;||||||||&#8221; body_letter_spacing=&#8221;1px&#8221; body_line_height=&#8221;1.8em&#8221; body_letter_spacing_tablet=&#8221;&#8221; body_letter_spacing_phone=&#8221;0px&#8221; body_letter_spacing_last_edited=&#8221;on|phone&#8221; custom_css_blurb_title=&#8221;padding-bottom: 30px;&#8221; icon_font_size=&#8221;40px&#8221; locked=&#8221;off&#8221; global_colors_info=&#8221;{}&#8221;]<span>OUR NEWBORN AND FAMILY PHOTOSHOOT EXCEEDED MY EXPECTATIONS AND I GOT EXACTLY THE COLOR, STYLE AND ARTISTIC FLAIR THAT I WAS LOOKING FOR WITHIN A NATURAL SETTING BOTH INSIDE AND SURROUNDING AREA OF OUR HOME.<\/span><\/p>\n<p><span>A VERY NICE MEMORY AND BEAUTIFUL SET OF PICTURES WHICH CAPTURED A SNAPSHOT OF A SPECIAL TIME THANKS TO LINDA&#8217;S SKILL BEHIND THE LENS AND ATTENTION TO DETAILS.<\/span><\/p>\n<p><span>-Claudia<\/span>[\/et_pb_blurb][et_pb_image src=&#8221;https:\/\/lindaotterstedt.com\/wp-content\/uploads\/2023\/06\/230603-JV-Portratt-LU-9970-2_croped.jpg&#8221; alt=&#8221;mamma h\u00e5ller sitt barn&#8221; title_text=&#8221;230603 JV Portr\u00e4tt LU-9970-2_croped&#8221; align=&#8221;center&#8221; align_tablet=&#8221;center&#8221; align_phone=&#8221;&#8221; align_last_edited=&#8221;on|desktop&#8221; _builder_version=&#8221;4.21.0&#8243; animation_direction=&#8221;left&#8221; locked=&#8221;off&#8221; global_colors_info=&#8221;{}&#8221;][\/et_pb_image][et_pb_blurb title=&#8221;TUSEN TACK IGEN!&#8221; use_icon=&#8221;on&#8221; font_icon=&#8221;&#x7b;||divi||400&#8243; image_icon_width=&#8221;40px&#8221; _builder_version=&#8221;4.21.0&#8243; header_font=&#8221;||||||||&#8221; header_text_align=&#8221;center&#8221; header_font_size=&#8221;27px&#8221; body_font=&#8221;||||||||&#8221; body_letter_spacing=&#8221;1px&#8221; body_line_height=&#8221;1.8em&#8221; body_letter_spacing_tablet=&#8221;&#8221; body_letter_spacing_phone=&#8221;0px&#8221; body_letter_spacing_last_edited=&#8221;on|phone&#8221; custom_css_blurb_title=&#8221;padding-bottom: 30px;&#8221; icon_font_size=&#8221;40px&#8221; locked=&#8221;off&#8221; global_colors_info=&#8221;{}&#8221;]<\/p>\n<div dir=\"auto\"><\/div>\n<div dir=\"auto\">VI \u00c4R S\u00c5 N\u00d6JDA MED BILDERNA!<\/div>\n<div dir=\"auto\">TACK, TACK, TACK!<\/div>\n<div dir=\"auto\"><\/div>\n<div dir=\"auto\">&#8211; Johanna &amp; Viktor<\/div>\n<p>[\/et_pb_blurb][et_pb_image src=&#8221;https:\/\/lindaotterstedt.com\/wp-content\/uploads\/2022\/11\/220903-EO-Middagen-LU-8258.jpg&#8221; alt=&#8221;profilfotografering vid sj\u00f6n&#8221; title_text=&#8221;220903 EO Middagen LU-8258&#8243; align=&#8221;center&#8221; align_tablet=&#8221;center&#8221; align_phone=&#8221;&#8221; align_last_edited=&#8221;on|desktop&#8221; _builder_version=&#8221;4.18.0&#8243; animation_direction=&#8221;left&#8221; locked=&#8221;off&#8221; global_colors_info=&#8221;{}&#8221;][\/et_pb_image][et_pb_blurb title=&#8221;FANTASTISKT&#8221; use_icon=&#8221;on&#8221; font_icon=&#8221;&#x7b;||divi||400&#8243; image_icon_width=&#8221;40px&#8221; _builder_version=&#8221;4.19.3&#8243; header_font=&#8221;||||||||&#8221; header_text_align=&#8221;center&#8221; header_font_size=&#8221;27px&#8221; body_font=&#8221;||||||||&#8221; body_letter_spacing=&#8221;1px&#8221; body_line_height=&#8221;1.8em&#8221; body_letter_spacing_tablet=&#8221;&#8221; body_letter_spacing_phone=&#8221;0px&#8221; body_letter_spacing_last_edited=&#8221;on|phone&#8221; custom_css_blurb_title=&#8221;padding-bottom: 30px;&#8221; icon_font_size=&#8221;40px&#8221; locked=&#8221;off&#8221; global_colors_info=&#8221;{}&#8221;]<\/p>\n<p>DET \u00c4R S\u00c5 FANTASTISKT ATT F\u00c5 M\u00d6JLIGHET ATT SE TILLBAKA P\u00c5 EN HELT FANTASTISK DAG I V\u00c5RA LIV.<\/p>\n<p>TACK VARE BILDERNA KUNDE VI MINNAS N\u00c5GRA AV DE \u00d6GONBLICK SOM VI VILL MINNAS F\u00d6R ALLTID. BILDERNA F\u00c5NGADE K\u00c4NSLORNA OCH MILJ\u00d6N D\u00c4R VI GIFTE OSS.<\/p>\n<p>DE STUNDER D\u00c5 VI TOG PORTR\u00c4TTBILDERNA MELLAN\u00c5T BLEV OCKS\u00c5 TILLF\u00c4LLEN F\u00d6R OSS ATT LANDA I DAGENS \u00d6GONBLICK. TACK S\u00c5 MYCKET LINDA F\u00d6R ATT DU F\u00c5NGADE B\u00c5DE OSS OCH V\u00c5RA G\u00c4STER.VI TYCKER OCKS\u00c5 ATT DET VAR L\u00c4TT ATT ARBETA MED DIG B\u00c5DE F\u00d6RE OCH UNDER DAGEN.<\/p>\n<p>JAG HAR OCKS\u00c5 H\u00d6RT FR\u00c5N FLERA G\u00c4STER ATT NI VAR TREVLIGA OCH &#8221;PASSADE IN&#8221; I ATMOSF\u00c4REN UNDER DAGEN.<\/p>\n<p>&#8211; Erika &amp; Oscar &#8211; Grundsund<\/p>\n<p>[\/et_pb_blurb][\/et_pb_column][\/et_pb_row][\/et_pb_section][et_pb_section fb_built=&#8221;1&#8243; custom_padding_last_edited=&#8221;on|phone&#8221; admin_label=&#8221;section&#8221; _builder_version=&#8221;4.16&#8243; custom_padding=&#8221;3px|0px|79px|0px|false|false&#8221; custom_padding_tablet=&#8221;0px||70px|&#8221; custom_padding_phone=&#8221;||40px|&#8221; locked=&#8221;off&#8221; global_colors_info=&#8221;{}&#8221;][et_pb_row column_structure=&#8221;1_3,1_3,1_3&#8243; admin_label=&#8221;rad&#8221; _builder_version=&#8221;4.16&#8243; background_size=&#8221;initial&#8221; background_position=&#8221;top_left&#8221; background_repeat=&#8221;repeat&#8221; custom_padding=&#8221;38px|0px|24px|0px|false|false&#8221; animation_style=&#8221;slide&#8221; animation_direction=&#8221;bottom&#8221; animation_duration=&#8221;600ms&#8221; animation_intensity_slide=&#8221;3%&#8221; global_colors_info=&#8221;{}&#8221;][et_pb_column type=&#8221;1_3&#8243; _builder_version=&#8221;4.16&#8243; custom_padding=&#8221;|||&#8221; global_colors_info=&#8221;{}&#8221; custom_padding__hover=&#8221;|||&#8221;][et_pb_blurb title=&#8221;MAGISKT!&#8221; use_icon=&#8221;on&#8221; font_icon=&#8221;&#x7b;||divi||400&#8243; image_icon_width=&#8221;40px&#8221; _builder_version=&#8221;4.16&#8243; header_font=&#8221;||||||||&#8221; header_text_align=&#8221;center&#8221; header_font_size=&#8221;27px&#8221; body_font=&#8221;||||||||&#8221; body_letter_spacing=&#8221;1px&#8221; body_line_height=&#8221;1.8em&#8221; body_letter_spacing_tablet=&#8221;&#8221; body_letter_spacing_phone=&#8221;0px&#8221; body_letter_spacing_last_edited=&#8221;on|phone&#8221; custom_css_blurb_title=&#8221;padding-bottom: 30px;&#8221; icon_font_size=&#8221;40px&#8221; global_colors_info=&#8221;{}&#8221;]<\/p>\n<p><span>DET \u00c4R ORDET SOM KOMMER TILL ATT T\u00c4NK P\u00c5 N\u00c4R MAN BESKRIVER V\u00c5RA FAMILJERS ERFARENHET MED LINDA.<\/span><\/p>\n<p><span>FR\u00c5N DET ALLRA F\u00d6RSTA M\u00d6TET KUNDE LINDA F\u00d6RST\u00c5 EXAKT VAD VI VILLE ATT V\u00c5RA BILDER SKULLE UTTRYCKA<\/span><br \/><span>ATT UTTRYCKA B\u00c5DE ESTETISKT<\/span><br \/><span>OCH K\u00c4NSLOM\u00c4SSIGT.<\/span><\/p>\n<p><span>&#8211; Melissa med familj<\/span><\/p>\n<p>[\/et_pb_blurb][et_pb_image src=&#8221;https:\/\/lindaotterstedt.com\/wp-content\/uploads\/2022\/01\/familyphotographer_photographer_lausanne_geneve_switzerland_geneva_landscape_lindaotterstedt.jpg&#8221; alt=&#8221;barnfamilj poserar i skogen&#8221; title_text=&#8221;familjefotograf-fotograf-stockholm-barnfotograf_lindaotterstedt&#8221; align=&#8221;center&#8221; align_tablet=&#8221;center&#8221; align_phone=&#8221;&#8221; align_last_edited=&#8221;on|desktop&#8221; _builder_version=&#8221;4.16&#8243; animation_direction=&#8221;left&#8221; global_colors_info=&#8221;{}&#8221;][\/et_pb_image][\/et_pb_column][et_pb_column type=&#8221;1_3&#8243; module_class=&#8221;item-order&#8221; _builder_version=&#8221;4.16&#8243; custom_padding=&#8221;|||&#8221; custom_padding_tablet=&#8221;||0px|&#8221; custom_padding_phone=&#8221;&#8221; custom_padding_last_edited=&#8221;on|phone&#8221; global_colors_info=&#8221;{}&#8221; custom_padding__hover=&#8221;|||&#8221;][\/et_pb_column][et_pb_column type=&#8221;1_3&#8243; _builder_version=&#8221;4.16&#8243; custom_padding=&#8221;|||&#8221; global_colors_info=&#8221;{}&#8221; custom_padding__hover=&#8221;|||&#8221;][et_pb_blurb title=&#8221;PROFILFOTOGRAFERING&#8221; use_icon=&#8221;on&#8221; font_icon=&#8221;&#x7b;||divi||400&#8243; image_icon_width=&#8221;40px&#8221; _builder_version=&#8221;4.16&#8243; header_font=&#8221;||||||||&#8221; header_text_align=&#8221;center&#8221; header_font_size=&#8221;27px&#8221; body_font=&#8221;||||||||&#8221; body_letter_spacing=&#8221;1px&#8221; body_line_height=&#8221;1.8em&#8221; body_letter_spacing_tablet=&#8221;&#8221; body_letter_spacing_phone=&#8221;0px&#8221; body_letter_spacing_last_edited=&#8221;on|phone&#8221; custom_css_blurb_title=&#8221;padding-bottom: 30px;&#8221; icon_font_size=&#8221;40px&#8221; locked=&#8221;off&#8221; global_colors_info=&#8221;{}&#8221;]<\/p>\n<p><span>LINDA TOG PROFILBILDERNA F\u00d6R MIN WEBBPLATS (ADVOKATFIRMA).<\/span><\/p>\n<p><span>HON STYRDE MIG PERFEKT OCH F\u00d6RESLOG OLIKA ID\u00c9ER OM POSER. ALLA BILDER VAR UNDERBARA OCH DET VAR SV\u00c5RT ATT V\u00c4LJA BARA EN!<\/span><\/p>\n<p><span>JAG KAN BARA REKOMMENDERA HENNE, VI KOMMER DEFINITIVT ATT ARBETA MED HENNE I FRAMTIDEN!<\/span><\/p>\n<p><span>&#8211; Lauren<\/span><\/p>\n<p>[\/et_pb_blurb][et_pb_image src=&#8221;https:\/\/lindaotterstedt.com\/wp-content\/uploads\/2022\/01\/Lauren_2018_LR_1200px-2.jpg&#8221; alt=&#8221;profilfotografering vid sj\u00f6n&#8221; title_text=&#8221;Bild f\u00f6r LinkedIn&#8221; align=&#8221;center&#8221; align_tablet=&#8221;center&#8221; align_phone=&#8221;&#8221; align_last_edited=&#8221;on|desktop&#8221; _builder_version=&#8221;4.16&#8243; animation_direction=&#8221;left&#8221; locked=&#8221;off&#8221; global_colors_info=&#8221;{}&#8221;][\/et_pb_image][\/et_pb_column][\/et_pb_row][\/et_pb_section]<\/p>\n","protected":false},"excerpt":{"rendered":"<p>Om du inte kan best\u00e4mma dig:L\u00c4S MINA RECENSIONERALLT VI DR\u00d6MT OMDESSA BILDER BETYDER S\u00c5 MYCKET F\u00d6R OSS. VI \u00c4R K\u00c4RA.Vi \u00e4r s\u00e5 otroligt n\u00f6jda med v\u00e5r br\u00f6llopsfotograf Linda! \ud83c\udf38 Hon var fantastisk genom hela processen \u2013 b\u00e5de lyh\u00f6rd, flexibel och full av v\u00e4rme. Under hela dagen fick hon oss att k\u00e4nna oss bekv\u00e4ma och avslappnade, [&hellip;]<\/p>\n","protected":false},"author":7,"featured_media":5308,"parent":0,"menu_order":0,"comment_status":"closed","ping_status":"closed","template":"","meta":{"_et_pb_use_builder":"on","_et_pb_old_content":"","_et_gb_content_width":"","footnotes":""},"class_list":["post-3025","page","type-page","status-publish","has-post-thumbnail","hentry"],"yoast_head":"<!-- This site is optimized with the Yoast SEO plugin v28.2 - https:\/\/yoast.com\/product\/yoast-seo-wordpress\/ -->\n<title>V\u00e4nliga ord - Linda Otterstedt Photography<\/title>\n<meta name=\"description\" content=\"Om du inte k\u00e4nner mig alls kan du bes\u00f6ka min sida V\u00e4nliga Ord och l\u00e4sa om hur andra kunder upplevde deras fotografering med mig.\" \/>\n<meta name=\"robots\" content=\"index, follow, max-snippet:-1, max-image-preview:large, max-video-preview:-1\" \/>\n<link rel=\"canonical\" href=\"https:\/\/lindaotterstedt.com\/sv\/vanliga-ord\/\" \/>\n<meta property=\"og:locale\" content=\"sv_SE\" \/>\n<meta property=\"og:type\" content=\"article\" \/>\n<meta property=\"og:title\" content=\"V\u00e4nliga ord - Linda Otterstedt Photography\" \/>\n<meta property=\"og:description\" content=\"Om du inte k\u00e4nner mig alls kan du bes\u00f6ka min sida V\u00e4nliga Ord och l\u00e4sa om hur andra kunder upplevde deras fotografering med mig.\" \/>\n<meta property=\"og:url\" content=\"https:\/\/lindaotterstedt.com\/sv\/vanliga-ord\/\" \/>\n<meta property=\"og:site_name\" content=\"Linda Otterstedt Photography\" \/>\n<meta property=\"article:publisher\" content=\"https:\/\/www.facebook.com\/lindaotterstedtphotography\" \/>\n<meta property=\"article:modified_time\" content=\"2026-05-13T12:22:57+00:00\" \/>\n<meta property=\"og:image\" content=\"https:\/\/lindaotterstedt.com\/wp-content\/uploads\/2023\/01\/220903-EO-Forberedelser-LU-7078.jpg\" \/>\n\t<meta property=\"og:image:width\" content=\"1200\" \/>\n\t<meta property=\"og:image:height\" content=\"798\" \/>\n\t<meta property=\"og:image:type\" content=\"image\/jpeg\" \/>\n<meta name=\"twitter:card\" content=\"summary_large_image\" \/>\n<meta name=\"twitter:label1\" content=\"Ber\u00e4knad l\u00e4stid\" \/>\n\t<meta name=\"twitter:data1\" content=\"17 minuter\" \/>\n<script type=\"application\/ld+json\" class=\"yoast-schema-graph\">{\"@context\":\"https:\\\/\\\/schema.org\",\"@graph\":[{\"@type\":\"WebPage\",\"@id\":\"https:\\\/\\\/lindaotterstedt.com\\\/sv\\\/vanliga-ord\\\/\",\"url\":\"https:\\\/\\\/lindaotterstedt.com\\\/sv\\\/vanliga-ord\\\/\",\"name\":\"V\u00e4nliga ord - Linda Otterstedt Photography\",\"isPartOf\":{\"@id\":\"https:\\\/\\\/lindaotterstedt.com\\\/sv\\\/#website\"},\"primaryImageOfPage\":{\"@id\":\"https:\\\/\\\/lindaotterstedt.com\\\/sv\\\/vanliga-ord\\\/#primaryimage\"},\"image\":{\"@id\":\"https:\\\/\\\/lindaotterstedt.com\\\/sv\\\/vanliga-ord\\\/#primaryimage\"},\"thumbnailUrl\":\"https:\\\/\\\/lindaotterstedt.com\\\/wp-content\\\/uploads\\\/2023\\\/01\\\/220903-EO-Forberedelser-LU-7078.jpg\",\"datePublished\":\"2018-12-15T17:32:19+00:00\",\"dateModified\":\"2026-05-13T12:22:57+00:00\",\"description\":\"Om du inte k\u00e4nner mig alls kan du bes\u00f6ka min sida V\u00e4nliga Ord och l\u00e4sa om hur andra kunder upplevde deras fotografering med mig.\",\"breadcrumb\":{\"@id\":\"https:\\\/\\\/lindaotterstedt.com\\\/sv\\\/vanliga-ord\\\/#breadcrumb\"},\"inLanguage\":\"sv-SE\",\"potentialAction\":[{\"@type\":\"ReadAction\",\"target\":[\"https:\\\/\\\/lindaotterstedt.com\\\/sv\\\/vanliga-ord\\\/\"]}]},{\"@type\":\"ImageObject\",\"inLanguage\":\"sv-SE\",\"@id\":\"https:\\\/\\\/lindaotterstedt.com\\\/sv\\\/vanliga-ord\\\/#primaryimage\",\"url\":\"https:\\\/\\\/lindaotterstedt.com\\\/wp-content\\\/uploads\\\/2023\\\/01\\\/220903-EO-Forberedelser-LU-7078.jpg\",\"contentUrl\":\"https:\\\/\\\/lindaotterstedt.com\\\/wp-content\\\/uploads\\\/2023\\\/01\\\/220903-EO-Forberedelser-LU-7078.jpg\",\"width\":1200,\"height\":798},{\"@type\":\"BreadcrumbList\",\"@id\":\"https:\\\/\\\/lindaotterstedt.com\\\/sv\\\/vanliga-ord\\\/#breadcrumb\",\"itemListElement\":[{\"@type\":\"ListItem\",\"position\":1,\"name\":\"Home\",\"item\":\"https:\\\/\\\/lindaotterstedt.com\\\/sv\\\/\"},{\"@type\":\"ListItem\",\"position\":2,\"name\":\"V\u00e4nliga ord\"}]},{\"@type\":\"WebSite\",\"@id\":\"https:\\\/\\\/lindaotterstedt.com\\\/sv\\\/#website\",\"url\":\"https:\\\/\\\/lindaotterstedt.com\\\/sv\\\/\",\"name\":\"Linda Otterstedt Photography\",\"description\":\"Photography for generations to come\",\"publisher\":{\"@id\":\"https:\\\/\\\/lindaotterstedt.com\\\/sv\\\/#organization\"},\"potentialAction\":[{\"@type\":\"SearchAction\",\"target\":{\"@type\":\"EntryPoint\",\"urlTemplate\":\"https:\\\/\\\/lindaotterstedt.com\\\/sv\\\/?s={search_term_string}\"},\"query-input\":{\"@type\":\"PropertyValueSpecification\",\"valueRequired\":true,\"valueName\":\"search_term_string\"}}],\"inLanguage\":\"sv-SE\"},{\"@type\":\"Organization\",\"@id\":\"https:\\\/\\\/lindaotterstedt.com\\\/sv\\\/#organization\",\"name\":\"Linda Otterstedt Photography\",\"alternateName\":\"LOP\",\"url\":\"https:\\\/\\\/lindaotterstedt.com\\\/sv\\\/\",\"logo\":{\"@type\":\"ImageObject\",\"inLanguage\":\"sv-SE\",\"@id\":\"https:\\\/\\\/lindaotterstedt.com\\\/sv\\\/#\\\/schema\\\/logo\\\/image\\\/\",\"url\":\"https:\\\/\\\/lindaotterstedt.com\\\/wp-content\\\/uploads\\\/2023\\\/03\\\/1400_LOGO_Linda_Otterstedt_Standard_Logo_Transparent-copy.png\",\"contentUrl\":\"https:\\\/\\\/lindaotterstedt.com\\\/wp-content\\\/uploads\\\/2023\\\/03\\\/1400_LOGO_Linda_Otterstedt_Standard_Logo_Transparent-copy.png\",\"width\":2684,\"height\":1400,\"caption\":\"Linda Otterstedt Photography\"},\"image\":{\"@id\":\"https:\\\/\\\/lindaotterstedt.com\\\/sv\\\/#\\\/schema\\\/logo\\\/image\\\/\"},\"sameAs\":[\"https:\\\/\\\/www.facebook.com\\\/lindaotterstedtphotography\",\"https:\\\/\\\/www.instagram.com\\\/worldphotographer\",\"https:\\\/\\\/www.instagram.com\\\/worldphotographer_weddings\",\"https:\\\/\\\/www.linkedin.com\\\/in\\\/linda-otterstedt-1886235\\\/\"]}]}<\/script>\n<!-- \/ Yoast SEO plugin. -->","yoast_head_json":{"title":"V\u00e4nliga ord - Linda Otterstedt Photography","description":"Om du inte k\u00e4nner mig alls kan du bes\u00f6ka min sida V\u00e4nliga Ord och l\u00e4sa om hur andra kunder upplevde deras fotografering med mig.","robots":{"index":"index","follow":"follow","max-snippet":"max-snippet:-1","max-image-preview":"max-image-preview:large","max-video-preview":"max-video-preview:-1"},"canonical":"https:\/\/lindaotterstedt.com\/sv\/vanliga-ord\/","og_locale":"sv_SE","og_type":"article","og_title":"V\u00e4nliga ord - Linda Otterstedt Photography","og_description":"Om du inte k\u00e4nner mig alls kan du bes\u00f6ka min sida V\u00e4nliga Ord och l\u00e4sa om hur andra kunder upplevde deras fotografering med mig.","og_url":"https:\/\/lindaotterstedt.com\/sv\/vanliga-ord\/","og_site_name":"Linda Otterstedt Photography","article_publisher":"https:\/\/www.facebook.com\/lindaotterstedtphotography","article_modified_time":"2026-05-13T12:22:57+00:00","og_image":[{"width":1200,"height":798,"url":"https:\/\/lindaotterstedt.com\/wp-content\/uploads\/2023\/01\/220903-EO-Forberedelser-LU-7078.jpg","type":"image\/jpeg"}],"twitter_card":"summary_large_image","twitter_misc":{"Ber\u00e4knad l\u00e4stid":"17 minuter"},"schema":{"@context":"https:\/\/schema.org","@graph":[{"@type":"WebPage","@id":"https:\/\/lindaotterstedt.com\/sv\/vanliga-ord\/","url":"https:\/\/lindaotterstedt.com\/sv\/vanliga-ord\/","name":"V\u00e4nliga ord - Linda Otterstedt Photography","isPartOf":{"@id":"https:\/\/lindaotterstedt.com\/sv\/#website"},"primaryImageOfPage":{"@id":"https:\/\/lindaotterstedt.com\/sv\/vanliga-ord\/#primaryimage"},"image":{"@id":"https:\/\/lindaotterstedt.com\/sv\/vanliga-ord\/#primaryimage"},"thumbnailUrl":"https:\/\/lindaotterstedt.com\/wp-content\/uploads\/2023\/01\/220903-EO-Forberedelser-LU-7078.jpg","datePublished":"2018-12-15T17:32:19+00:00","dateModified":"2026-05-13T12:22:57+00:00","description":"Om du inte k\u00e4nner mig alls kan du bes\u00f6ka min sida V\u00e4nliga Ord och l\u00e4sa om hur andra kunder upplevde deras fotografering med mig.","breadcrumb":{"@id":"https:\/\/lindaotterstedt.com\/sv\/vanliga-ord\/#breadcrumb"},"inLanguage":"sv-SE","potentialAction":[{"@type":"ReadAction","target":["https:\/\/lindaotterstedt.com\/sv\/vanliga-ord\/"]}]},{"@type":"ImageObject","inLanguage":"sv-SE","@id":"https:\/\/lindaotterstedt.com\/sv\/vanliga-ord\/#primaryimage","url":"https:\/\/lindaotterstedt.com\/wp-content\/uploads\/2023\/01\/220903-EO-Forberedelser-LU-7078.jpg","contentUrl":"https:\/\/lindaotterstedt.com\/wp-content\/uploads\/2023\/01\/220903-EO-Forberedelser-LU-7078.jpg","width":1200,"height":798},{"@type":"BreadcrumbList","@id":"https:\/\/lindaotterstedt.com\/sv\/vanliga-ord\/#breadcrumb","itemListElement":[{"@type":"ListItem","position":1,"name":"Home","item":"https:\/\/lindaotterstedt.com\/sv\/"},{"@type":"ListItem","position":2,"name":"V\u00e4nliga ord"}]},{"@type":"WebSite","@id":"https:\/\/lindaotterstedt.com\/sv\/#website","url":"https:\/\/lindaotterstedt.com\/sv\/","name":"Linda Otterstedt Photography","description":"Photography for generations to come","publisher":{"@id":"https:\/\/lindaotterstedt.com\/sv\/#organization"},"potentialAction":[{"@type":"SearchAction","target":{"@type":"EntryPoint","urlTemplate":"https:\/\/lindaotterstedt.com\/sv\/?s={search_term_string}"},"query-input":{"@type":"PropertyValueSpecification","valueRequired":true,"valueName":"search_term_string"}}],"inLanguage":"sv-SE"},{"@type":"Organization","@id":"https:\/\/lindaotterstedt.com\/sv\/#organization","name":"Linda Otterstedt Photography","alternateName":"LOP","url":"https:\/\/lindaotterstedt.com\/sv\/","logo":{"@type":"ImageObject","inLanguage":"sv-SE","@id":"https:\/\/lindaotterstedt.com\/sv\/#\/schema\/logo\/image\/","url":"https:\/\/lindaotterstedt.com\/wp-content\/uploads\/2023\/03\/1400_LOGO_Linda_Otterstedt_Standard_Logo_Transparent-copy.png","contentUrl":"https:\/\/lindaotterstedt.com\/wp-content\/uploads\/2023\/03\/1400_LOGO_Linda_Otterstedt_Standard_Logo_Transparent-copy.png","width":2684,"height":1400,"caption":"Linda Otterstedt Photography"},"image":{"@id":"https:\/\/lindaotterstedt.com\/sv\/#\/schema\/logo\/image\/"},"sameAs":["https:\/\/www.facebook.com\/lindaotterstedtphotography","https:\/\/www.instagram.com\/worldphotographer","https:\/\/www.instagram.com\/worldphotographer_weddings","https:\/\/www.linkedin.com\/in\/linda-otterstedt-1886235\/"]}]}},"_links":{"self":[{"href":"https:\/\/lindaotterstedt.com\/sv\/wp-json\/wp\/v2\/pages\/3025","targetHints":{"allow":["GET"]}}],"collection":[{"href":"https:\/\/lindaotterstedt.com\/sv\/wp-json\/wp\/v2\/pages"}],"about":[{"href":"https:\/\/lindaotterstedt.com\/sv\/wp-json\/wp\/v2\/types\/page"}],"author":[{"embeddable":true,"href":"https:\/\/lindaotterstedt.com\/sv\/wp-json\/wp\/v2\/users\/7"}],"replies":[{"embeddable":true,"href":"https:\/\/lindaotterstedt.com\/sv\/wp-json\/wp\/v2\/comments?post=3025"}],"version-history":[{"count":38,"href":"https:\/\/lindaotterstedt.com\/sv\/wp-json\/wp\/v2\/pages\/3025\/revisions"}],"predecessor-version":[{"id":9763,"href":"https:\/\/lindaotterstedt.com\/sv\/wp-json\/wp\/v2\/pages\/3025\/revisions\/9763"}],"wp:featuredmedia":[{"embeddable":true,"href":"https:\/\/lindaotterstedt.com\/sv\/wp-json\/wp\/v2\/media\/5308"}],"wp:attachment":[{"href":"https:\/\/lindaotterstedt.com\/sv\/wp-json\/wp\/v2\/media?parent=3025"}],"curies":[{"name":"wp","href":"https:\/\/api.w.org\/{rel}","templated":true}]}}